{"id":177,"date":"2020-06-10T14:01:23","date_gmt":"2020-06-10T14:01:23","guid":{"rendered":"https:\/\/neatrade.al\/?page_id=177"},"modified":"2020-07-07T07:23:35","modified_gmt":"2020-07-07T07:23:35","slug":"aranciata","status":"publish","type":"page","link":"https:\/\/neatrade.al\/index.php\/aranciata\/","title":{"rendered":"Aranciata"},"content":{"rendered":"<div class=\"wpb-content-wrapper\"><p>[vc_row][vc_column width=&#8221;1\/2&#8243;][vc_single_image image=&#8221;180&#8243; img_size=&#8221;full&#8221; alignment=&#8221;center&#8221;][\/vc_column][vc_column width=&#8221;1\/2&#8243;][vc_custom_heading text=&#8221;Bere giovane come da tradizione&#8221; use_theme_fonts=&#8221;yes&#8221;][vc_column_text]<\/p>\n<div class=\"main-text\">\n<div class=\"main-text\">La nostra Aranciata \u00e8 prodotta con l&#8217;estratto delle &#8220;Arance del Gargano IGP&#8221;, Pres\u00ecdio Slow Food affacciato su una delle baie pi\u00f9 incantevoli del mar Adriatico. Qui le arance maturano alla fine dell\u2019inverno acquisendo un\u2019eccezionale resistenza all\u2019ossidazione dopo la raccolta: buccia sottilissima, polpa croccante e succo tendente al dolce per ottenere un prodotto unico.<\/div>\n<\/div>\n<p>[\/vc_column_text]<div class=\"ult_exp_section_layer ult-adjust-bottom-margin  \" >\n\t\t<div id=\"uvc-exp-wrap-7933\" role=\"button\" tabindex=\"0\" aria-pressed=\"false\"  data-ultimate-target='#uvc-exp-wrap-7933'  data-responsive-json-new='{\"font-size\":\"desktop:20px;\",\"line-height\":\"desktop:20px;\"}'  class=\"ult_exp_section  ult-responsive \" style=\"color:#333333;background-color:#eae5e1; font-weight:normal;  text-align:center;\" data-textcolor=\"#333333\"data-texthover=\"#333333\"data-icncolor=\"#333333\"data-ihover=\"#333333\"data-height=\"0\"data-cntbg=\"#eae5e1\"data-cnthvrbg=\"#eae5e1\"data-headerbg=\"#eae5e1\"data-headerhover=\"#eae5e1\"data-title=\"Lexo me shume\"data-newtitle=\"Lexo me shume\"data-icon=\"\"data-newicon=\"\"data-activeicon=\"#333333\"data-effect=\"slideToggle\"data-override=\"0\"data-activetitle=\"#333333\"data-activebg=\"#eae5e1\"data-img=\"\"data-newimg=\"\"><div  class=\"ult_exp_section-main \">\n\t\t\t\t\t<div class=\"ult_expheader\" >Lexo me shume\n\t\t\t\t\t <\/div><\/div>\n\t\t\t\t<\/div><div class=\"ult_exp_content \" style=\"background-color:#eae5e1;  \"><div class=\"ult_ecpsub_cont\" style=\" \" >[vc_column_text css=&#8221;.vc_custom_1594106616870{padding-right: 10px !important;padding-left: 10px !important;}&#8221;]<\/p>\n<p style=\"text-align: left;\">Colore arancio leggermente opalescente dai toni poco intensi caratterizzati da interessanti iridescenze. Effervescenza fine e persistente.<br \/>\nProfumo intenso, spiccato e profondo. Decisi sentori di agrumi, fiori primaverili e di essenze erbacee.<br \/>\nLa dolcezza si alterna in bocca con un\u2019acidit\u00e0 gentile ed equilibrata, richiamando le sensazioni tipiche dell\u2019arancia matura.<\/p>\n<p style=\"text-align: left;\">Aroma d&#8217;agrume intenso e persistente.<\/p>\n<p style=\"text-align: left;\">Consumata in purezza \u00e8 un ottimo dissetante e pu\u00f2 essere abbinata tranquillamente a spuntini ed utilizzata per aperitivi freschi e leggeri.<br \/>\nOttima anche trasformata in sorbetto con l\u2019aggiunta di foglie di melissa e scorza d&#8217;arancio.<br \/>\nDa servire in bicchiere di vetro basso e capiente, senza aggiunta di ghiaccio e con una fetta d&#8217;arancia.<\/p>\n<p style=\"text-align: left;\">Temperatura: 5\/8 \u00b0C<\/p>\n<p>[\/vc_column_text]<div class=\"aio-icon-component    style_1\"><div id=\"Info-box-wrap-3752\" class=\"aio-icon-box default-icon\" style=\"\"  ><div class=\"aio-icon-default\"><div class=\"ult-just-icon-wrapper  \"><div class=\"align-icon\" style=\"text-align:center;\">\n<div class=\"aio-icon-img \" style=\"font-size:50px;display:inline-block;\" >\n\t<img decoding=\"async\" class=\"img-icon\" alt=\"null\" src=\"https:\/\/neatrade.al\/wp-content\/uploads\/2020\/07\/PDF-Icon1.png\"\/>\n<\/div><\/div><\/div><\/div><div class=\"aio-icon-header\" ><a class=\"aio-icon-box-link\" href=\"\/wp-content\/uploads\/2020\/06\/Lurisia_scheda_Aranciata_web.pdf\" ><h3 class=\"aio-icon-title ult-responsive\"  data-ultimate-target='#Info-box-wrap-3752 .aio-icon-title'  data-responsive-json-new='{\"font-size\":\"\",\"line-height\":\"\"}'  style=\"\">Skeda Teknike<\/h3><\/a><\/div> <!-- header --><\/div> <!-- aio-icon-box --><\/div> <!-- aio-icon-component --><\/div><\/div>\n\n\t\t\t<\/div>[vc_single_image image=&#8221;331&#8243; img_size=&#8221;full&#8221;][\/vc_column][\/vc_row]<\/p>\n<\/div>","protected":false},"excerpt":{"rendered":"<p>[vc_row][vc_column width=&#8221;1\/2&#8243;][vc_single_image image=&#8221;180&#8243; img_size=&#8221;full&#8221; alignment=&#8221;center&#8221;][\/vc_column][vc_column width=&#8221;1\/2&#8243;][vc_custom_heading text=&#8221;Bere giovane come da tradizione&#8221; use_theme_fonts=&#8221;yes&#8221;][vc_column_text] La nostra Aranciata \u00e8 prodotta con l&#8217;estratto delle &#8220;Arance del Gargano IGP&#8221;, Pres\u00ecdio Slow Food affacciato su una delle baie pi\u00f9 incantevoli del mar Adriatico. Qui le arance maturano alla fine dell\u2019inverno acquisendo un\u2019eccezionale resistenza all\u2019ossidazione dopo la raccolta: buccia sottilissima, polpa croccante&hellip;<\/p>\n","protected":false},"author":1,"featured_media":0,"parent":0,"menu_order":0,"comment_status":"closed","ping_status":"closed","template":"","meta":{"footnotes":""},"class_list":["post-177","page","type-page","status-publish","hentry","description-off"],"_links":{"self":[{"href":"https:\/\/neatrade.al\/index.php\/wp-json\/wp\/v2\/pages\/177","targetHints":{"allow":["GET"]}}],"collection":[{"href":"https:\/\/neatrade.al\/index.php\/wp-json\/wp\/v2\/pages"}],"about":[{"href":"https:\/\/neatrade.al\/index.php\/wp-json\/wp\/v2\/types\/page"}],"author":[{"embeddable":true,"href":"https:\/\/neatrade.al\/index.php\/wp-json\/wp\/v2\/users\/1"}],"replies":[{"embeddable":true,"href":"https:\/\/neatrade.al\/index.php\/wp-json\/wp\/v2\/comments?post=177"}],"version-history":[{"count":7,"href":"https:\/\/neatrade.al\/index.php\/wp-json\/wp\/v2\/pages\/177\/revisions"}],"predecessor-version":[{"id":334,"href":"https:\/\/neatrade.al\/index.php\/wp-json\/wp\/v2\/pages\/177\/revisions\/334"}],"wp:attachment":[{"href":"https:\/\/neatrade.al\/index.php\/wp-json\/wp\/v2\/media?parent=177"}],"curies":[{"name":"wp","href":"https:\/\/api.w.org\/{rel}","templated":true}]}}